{"id":25,"date":"2019-08-15T17:34:32","date_gmt":"2019-08-15T15:34:32","guid":{"rendered":"http:\/\/szkolapodlipami.pl\/?page_id=25"},"modified":"2022-10-05T19:40:08","modified_gmt":"2022-10-05T17:40:08","slug":"nasz-patron","status":"publish","type":"page","link":"https:\/\/szkolapodlipami.pl\/?page_id=25","title":{"rendered":"Nasz patron"},"content":{"rendered":"<p>Z frontu budynku Sportowej Szko\u0142y Podstawowej przy alejce lipowej spogl\u0105da <strong>Jan Kochanowski<\/strong> i wita uczni\u00f3w, pozdrawia przechodni\u00f3w s\u0142owami:<\/p>\n<p><strong><em>S\u0142u\u017cmy poczciwej s\u0142awie, a jako kto mo\u017ce, <\/em><\/strong><\/p>\n<p><strong><em>Niech ku po\u017cytku dobra wsp\u00f3lnego pomo\u017ce<\/em>.<\/strong><\/p>\n<p><strong>Jan Kochanowski ( 1530-1584 )<\/strong><\/p>\n<p>Ten najwybitniejszy, a\u017c do pocz\u0105tku XIX wieku, s\u0142owia\u0144ski poeta urodzi\u0142 si\u0119 jako syn \u015bredniozamo\u017cnego szlachcica. Mia\u0142 dziesi\u0119cioro rodze\u0144stwa. Dw\u00f3ch jego braci \u00a0tak samo jak on wykazywa\u0142o literackie zdolno\u015bci, zajmuj\u0105c si\u0119 t\u0142umaczeniami. Jan otrzyma\u0142 klasyczne wykszta\u0142cenie, a maj\u0105c lat czterna\u015bcie zosta\u0142 studentem uniwersytetu\u00a0 krakowskiego i nast\u0119pnych pi\u0119tna\u015bcie lat sp\u0119dzi\u0142 na\u00a0 studiach i podr\u00f3\u017cowaniu. Trzy lata mieszka\u0142 w Krakowie, a rok w Kr\u00f3lewcu na dworze ksi\u0119cia Prus Wschodnich Albrechta. W wieku dwudziestu dw\u00f3ch lat opu\u015bci\u0142 Polsk\u0119 i uda\u0142 si\u0119 do Padwy, by kontynuowa\u0107 studia. Tam zdoby\u0142 doskona\u0142\u0105 wiedz\u0119 o poezji \u0142aci\u0144skiej, ale tak\u017ce praktyczn\u0105 znajomo\u015b\u0107 greki, dzi\u0119ki czemu m\u00f3g\u0142 czyta\u0107 Homera, Pindara, Teokryta w oryginale. Z W\u0142och uda\u0142 si\u0119 do Marsylii, przemierzy\u0142 Francj\u0119 i w r. 1559 przez Niemcy powr\u00f3ci\u0142 do Polski. Okres w\u0119drownego studenta w \u017cyciu Kochanowskiego zbli\u017cy\u0142 si\u0119 do ko\u0144ca.<\/p>\n<p>Dalsz\u0105 cz\u0119\u015b\u0107 swej energii po\u015bwieci\u0142 s\u0142u\u017cbie na dworach \u015bwieckich i ko\u015bcielnych magnat\u00f3w. By\u0142 te\u017c sekretarzem kr\u00f3la Zygmunta Augusta. W ko\u0144cu jednak wycofa\u0142 si\u0119 z publicznego zgie\u0142ku, o\u017ceni\u0142 si\u0119 i osiad\u0142 w swoim dziedzicznym maj\u0105tku, Czarnolesie ko\u0142o Lublina. Tam powsta\u0142y jego najlepsze, najdojrzalsze dzie\u0142a.<\/p>\n<p style=\"text-align: center;\"><img loading=\"lazy\" decoding=\"async\" class=\"aligncenter size-full wp-image-27\" src=\"https:\/\/szkolapodlipami.pl\/wp-content\/uploads\/2019\/08\/kochanowski.jpg\" alt=\"\" width=\"240\" height=\"400\" srcset=\"https:\/\/szkolapodlipami.pl\/wp-content\/uploads\/2019\/08\/kochanowski.jpg 240w, https:\/\/szkolapodlipami.pl\/wp-content\/uploads\/2019\/08\/kochanowski-180x300.jpg 180w, https:\/\/szkolapodlipami.pl\/wp-content\/uploads\/2019\/08\/kochanowski-210x350.jpg 210w\" sizes=\"auto, (max-width: 240px) 100vw, 240px\" \/><\/p>\n<p>Co z tego \u00a0renesansowego \u017cyciorysu wybitnego poety zostaje w g\u0142owie i sercu ucznia szko\u0142y podstawowej? Okazuje si\u0119, \u017ce bardzo wiele. Kochanowski uczy jak porusza\u0107 si\u0119 w kulturze Europy, jak otwarcie komunikowa\u0107 si\u0119 z innymi nacjami, wyznaniami, tradycjami. To umiej\u0119tno\u015b\u0107 niezwykle wa\u017cna we wsp\u00f3\u0142czesnym \u015bwiecie. Jego droga \u017cyciowa potwierdza wag\u0119 nauki, wykszta\u0142cenia w rozwoju ka\u017cdej indywidualnej jednostki. W ko\u0144cu dzi\u0119ki inspiracji Kochanowskiego rozumiemy, jak wa\u017cne jest, by co\u015b po sobie pozostawi\u0107.<\/p>\n<p><strong>Patron Sportowej Szko\u0142y Podstawowej nr 29 to symbol otwarcia na innych, wszechstronnej wiedzy i ciekawo\u015bci \u015bwiata.<\/strong><\/p>\n<p>&nbsp;<\/p>\n<p><strong>Kazimierz Nowak \u2013 patron Sportowego Liceum<\/strong><\/p>\n<p><img loading=\"lazy\" decoding=\"async\" class=\"aligncenter size-full wp-image-1224\" src=\"https:\/\/szkolapodlipami.pl\/wp-content\/uploads\/2022\/09\/285936921_348856637379404_2777642563146169742_n.jpg\" alt=\"\" width=\"180\" height=\"253\" srcset=\"https:\/\/szkolapodlipami.pl\/wp-content\/uploads\/2022\/09\/285936921_348856637379404_2777642563146169742_n.jpg 180w, https:\/\/szkolapodlipami.pl\/wp-content\/uploads\/2022\/09\/285936921_348856637379404_2777642563146169742_n-178x250.jpg 178w\" sizes=\"auto, (max-width: 180px) 100vw, 180px\" \/><\/p>\n<p>Dwukrotnie samotnie przemierzy\u0142 Afryk\u0119: z p\u00f3\u0142nocy na po\u0142udnie oraz z po\u0142udnia na p\u00f3\u0142noc. W ci\u0105gu pi\u0119ciu lat przeby\u0142 40 tys. kilometr\u00f3w.<\/p>\n<p>Pochodzi\u0142 ze Stryja, z kt\u00f3rego przeprowadzi\u0142 si\u0119 do Poznania po zako\u0144czeniu I wojny \u015bwiatowej. Pracowa\u0142 tam w jednej z miejskich gazet. Jego najwi\u0119kszym marzeniem, ju\u017c od czas\u00f3w dzieci\u0144stwa,, by\u0142a podr\u00f3\u017c do Afryki. Uda\u0142o mu si\u0119 je zrealizowa\u0107 w wieku 34 lat, kiedy wyruszy\u0142 w wielk\u0105 w\u0119dr\u00f3wk\u0119 po Czarnym L\u0105dzie, kt\u00f3ra zapewni\u0142a mu miejsce w historii.<\/p>\n<p>Wypraw\u0119 Nowaka sponsorowa\u0142 jeden z pozna\u0144skich sklep\u00f3w fotograficznych, kt\u00f3ry podarowa\u0142 mu aparat fotograficzny w zamian za zdj\u0119cia z wyprawy. Podr\u00f3\u017cnik wysy\u0142a\u0142 reporta\u017ce do pozna\u0144skich gazet, a za honorarium z tekst\u00f3w utrzymywa\u0142 rodzin\u0119, kt\u00f3ra zosta\u0142a w Polsce.<\/p>\n<p>Swoj\u0105 imponuj\u0105c\u0105 podr\u00f3\u017c po Afryce rozpocz\u0105\u0142 w listopadzie 1931 roku w Trypolisie. Postanowi\u0142, \u017ce tras\u0119 pokona bez wykorzystania zmotoryzowanych \u015brodk\u00f3w transportu. Wi\u0119kszo\u015b\u0107 drogi pokona\u0142 rowerem, ale podr\u00f3\u017cowa\u0142 tak\u017ce konno i tratw\u0105. Szlak jego wyprawy w du\u017cej mierze prowadzi\u0142 przez bezdro\u017ca sawanny i pustyni. By\u0142 inny ni\u017c wi\u0119kszo\u015b\u0107 ludzi wybieraj\u0105cych si\u0119 w\u00f3wczas do Afryki. Wyruszy\u0142, aby dowiedzie\u0107 si\u0119 czego\u015b o tym kontynencie, utrwali\u0107 jego obraz, podziwia\u0107 przyrod\u0119 i pozna\u0107 \u017cycie mieszka\u0144c\u00f3w.<\/p>\n<p>Kazimierz Nowak dwukrotnie przeby\u0142 Afryk\u0119. Po dotarciu na po\u0142udniowy kraniec Afryki w maju 1934 roku postanowi\u0142 zawr\u00f3ci\u0107 i podr\u00f3\u017cowa\u0142 dalej, a\u017c w listopadzie 1936 roku zatrzyma\u0142 si\u0119 w Algierii. W tym czasie pokona\u0142 40 tysi\u0119cy kilometr\u00f3w.<\/p>\n<p>W grudniu 1936 roku wr\u00f3ci\u0142 do Poznania. By\u0142 bardzo wycie\u0144czony chorobami, kt\u00f3re naby\u0142 podczas pobytu w Afryce. Zd\u0105\u017cy\u0142 wyg\u0142osi\u0107 kilka wyk\u0142ad\u00f3w etnograficznych, kt\u00f3re sprawia\u0142y mu jednak ogromny wysi\u0142ek. Zmar\u0142 13 pa\u017adziernika 1937 roku.<\/p>\n<p><strong>Kazimierza Nowaka cechowa\u0142y: wytrwa\u0142o\u015b\u0107, pracowito\u015b\u0107 i pasja. Mamy nadziej\u0119, \u017ce stanie si\u0119 wzorem dla naszych uczni\u00f3w.<\/strong><\/p>\n","protected":false},"excerpt":{"rendered":"<p>Z frontu budynku Sportowej Szko\u0142y Podstawowej przy alejce lipowej spogl\u0105da Jan Kochanowski i wita uczni\u00f3w, pozdrawia przechodni\u00f3w s\u0142owami: S\u0142u\u017cmy poczciwej s\u0142awie, a jako kto mo\u017ce, Niech ku po\u017cytku dobra wsp\u00f3lnego pomo\u017ce. Jan Kochanowski ( 1530-1584 ) Ten najwybitniejszy, a\u017c do pocz\u0105tku XIX wieku, s\u0142owia\u0144ski poeta urodzi\u0142 si\u0119 jako syn \u015bredniozamo\u017cnego &hellip;<\/p>\n","protected":false},"author":1,"featured_media":0,"parent":0,"menu_order":0,"comment_status":"closed","ping_status":"closed","template":"","meta":{"footnotes":""},"class_list":["post-25","page","type-page","status-publish","hentry"],"_links":{"self":[{"href":"https:\/\/szkolapodlipami.pl\/index.php?rest_route=\/wp\/v2\/pages\/25","targetHints":{"allow":["GET"]}}],"collection":[{"href":"https:\/\/szkolapodlipami.pl\/index.php?rest_route=\/wp\/v2\/pages"}],"about":[{"href":"https:\/\/szkolapodlipami.pl\/index.php?rest_route=\/wp\/v2\/types\/page"}],"author":[{"embeddable":true,"href":"https:\/\/szkolapodlipami.pl\/index.php?rest_route=\/wp\/v2\/users\/1"}],"replies":[{"embeddable":true,"href":"https:\/\/szkolapodlipami.pl\/index.php?rest_route=%2Fwp%2Fv2%2Fcomments&post=25"}],"version-history":[{"count":7,"href":"https:\/\/szkolapodlipami.pl\/index.php?rest_route=\/wp\/v2\/pages\/25\/revisions"}],"predecessor-version":[{"id":1367,"href":"https:\/\/szkolapodlipami.pl\/index.php?rest_route=\/wp\/v2\/pages\/25\/revisions\/1367"}],"wp:attachment":[{"href":"https:\/\/szkolapodlipami.pl\/index.php?rest_route=%2Fwp%2Fv2%2Fmedia&parent=25"}],"curies":[{"name":"wp","href":"https:\/\/api.w.org\/{rel}","templated":true}]}}