{"id":2491,"date":"2025-10-02T06:11:30","date_gmt":"2025-10-02T04:11:30","guid":{"rendered":"https:\/\/szkolapodlipami.pl\/?page_id=2491"},"modified":"2025-10-02T06:11:30","modified_gmt":"2025-10-02T04:11:30","slug":"akcja-edukacyjna-czytanie-sie-oplaca-w-ramach-programu-ratownicy-czytelnictwa","status":"publish","type":"page","link":"https:\/\/szkolapodlipami.pl\/?page_id=2491","title":{"rendered":"Akcja edukacyjna \u201eCzytanie si\u0119 op\u0142aca\u201d w ramach programu \u201eRatownicy Czytelnictwa\u201d"},"content":{"rendered":"<p style=\"text-align: left;\">W tym roku szkolnym klasa 1c bierze udzia\u0142 w akcji edukacyjnej \u201eCzytanie si\u0119 op\u0142aca\u201d w ramach programu \u201eRatownicy Czytelnictwa\u201d. Celem tej inicjatywy jest pomoc nauczycielom, dzieciom i\u00a0 rodzicom w\u00a0 rozwijaniu czytelniczych zainteresowa\u0144 na\u00a0 pierwszym etapie szko\u0142y. Nauka czytania od pocz\u0105tku mo\u017ce by\u0107 przygod\u0105 i wa\u017cne jest, \u017ceby ju\u017c na starcie dziecko widzia\u0142o w swojej klasie i przestrzeni szkolnej warto\u015bciowe ksi\u0105\u017cki. W\u00a0 ramach akcji ka\u017cdy z\u00a0 uczni\u00f3w klasy dosta\u0142 ksi\u0105\u017ck\u0119 pt. \u201ePorwanie Pani Z\u0142ot\u00f3wki\u201d autorstwa znanej i cenionej autorki literatury dzieci\u0119cej, w tym tak\u017ce lektur szkolnych Justyny Bednarek oraz dodatkowe materia\u0142y, m.in.: zak\u0142adki, naklejki, dyplomy. W ramach tego projektu wychowawca b\u0119dzie organizowa\u0142 r\u00f3\u017cne aktywno\u015bci, aby pokaza\u0107 dzieciom, \u017ce czytanie to nie tylko obowi\u0105zek, lecz tak\u017ce wspania\u0142a podr\u00f3\u017c, wci\u0105gaj\u0105ce historie, ciekawi bohaterowie, poznawanie \u015bwiata, spos\u00f3b na sp\u0119dzanie wolnych chwil oraz kszta\u0142towanie krytycznego my\u015blenia, tak wa\u017cnego w dobie nowych technologii. Czytanie jest fundamentem edukacji, nie tylko humanistycznej, lecz ka\u017cdej. Zwi\u0119ksza szanse ucznia we wszystkich dziedzinach, r\u00f3wnie\u017c \u015bcis\u0142ych. Czytanie wspiera rozw\u00f3j kompetencji przysz\u0142o\u015bci, pomaga zrozumie\u0107 nowe technologie i bezpiecznie z nich korzysta\u0107.<\/p>\n<p><img loading=\"lazy\" decoding=\"async\" class=\"alignnone size-full wp-image-2495\" src=\"https:\/\/szkolapodlipami.pl\/wp-content\/uploads\/2025\/10\/fpcban.jpg\" alt=\"\" width=\"975\" height=\"266\" \/><\/p>\n<p><img loading=\"lazy\" decoding=\"async\" class=\"alignnone  wp-image-2492\" src=\"https:\/\/szkolapodlipami.pl\/wp-content\/uploads\/2025\/10\/Pr8.jpg\" alt=\"\" width=\"870\" height=\"426\" \/><\/p>\n<p>&nbsp;<\/p>\n","protected":false},"excerpt":{"rendered":"<p>W tym roku szkolnym klasa 1c bierze udzia\u0142 w akcji edukacyjnej \u201eCzytanie si\u0119 op\u0142aca\u201d w ramach programu \u201eRatownicy Czytelnictwa\u201d. Celem tej inicjatywy jest pomoc nauczycielom, dzieciom i\u00a0 rodzicom w\u00a0 rozwijaniu czytelniczych zainteresowa\u0144 na\u00a0 pierwszym etapie szko\u0142y. Nauka czytania od pocz\u0105tku mo\u017ce by\u0107 przygod\u0105 i wa\u017cne jest, \u017ceby ju\u017c na starcie &hellip;<\/p>\n","protected":false},"author":3,"featured_media":0,"parent":0,"menu_order":0,"comment_status":"closed","ping_status":"closed","template":"","meta":{"footnotes":""},"class_list":["post-2491","page","type-page","status-publish","hentry"],"_links":{"self":[{"href":"https:\/\/szkolapodlipami.pl\/index.php?rest_route=\/wp\/v2\/pages\/2491","targetHints":{"allow":["GET"]}}],"collection":[{"href":"https:\/\/szkolapodlipami.pl\/index.php?rest_route=\/wp\/v2\/pages"}],"about":[{"href":"https:\/\/szkolapodlipami.pl\/index.php?rest_route=\/wp\/v2\/types\/page"}],"author":[{"embeddable":true,"href":"https:\/\/szkolapodlipami.pl\/index.php?rest_route=\/wp\/v2\/users\/3"}],"replies":[{"embeddable":true,"href":"https:\/\/szkolapodlipami.pl\/index.php?rest_route=%2Fwp%2Fv2%2Fcomments&post=2491"}],"version-history":[{"count":2,"href":"https:\/\/szkolapodlipami.pl\/index.php?rest_route=\/wp\/v2\/pages\/2491\/revisions"}],"predecessor-version":[{"id":2498,"href":"https:\/\/szkolapodlipami.pl\/index.php?rest_route=\/wp\/v2\/pages\/2491\/revisions\/2498"}],"wp:attachment":[{"href":"https:\/\/szkolapodlipami.pl\/index.php?rest_route=%2Fwp%2Fv2%2Fmedia&parent=2491"}],"curies":[{"name":"wp","href":"https:\/\/api.w.org\/{rel}","templated":true}]}}